{"id":762264,"date":"2021-03-11T21:37:22","date_gmt":"2021-03-11T20:37:22","guid":{"rendered":"https:\/\/institut-florilege.fr\/index.php\/product\/tisane-eclat-du-teint\/"},"modified":"2021-04-27T15:09:10","modified_gmt":"2021-04-27T13:09:10","slug":"tisane-eclat-du-teint","status":"publish","type":"product","link":"https:\/\/florianehaudebault.fr\/index.php\/product\/tisane-eclat-du-teint\/","title":{"rendered":"Tisane \u00e9clat du teint"},"content":{"rendered":"<p>Les vertus de l\u2019ortie piquante, de la reine des pr\u00e9s, de la pens\u00e9e sauvage se conjuguent pour un effet d\u00e9puratif de l\u2019organisme.<\/p>\n<p>Cette tisane bio \u00c9CLAT DU TEINT agit comme une v\u00e9ritable douche int\u00e9rieure pour \u00e9liminer un maximum de toxines afin de raviver l\u2019\u00e9clat du teint.<\/p>\n<p>La lavande, l\u2019anis vert, la rose, le clou de girofle et la cannelle permettent d\u2019allier efficacit\u00e9 et plaisir gustatif.<\/p>\n","protected":false},"excerpt":{"rendered":"<p>Les vertus de l\u2019ortie piquante, de la reine des pr\u00e9s, de la pens\u00e9e sauvage se conjuguent pour un effet d\u00e9puratif de l\u2019organisme. Cette tisane bio \u00c9CLAT DU TEINT agit comme une v\u00e9ritable douche int\u00e9rieure pour \u00e9liminer un maximum de toxines afin de raviver l\u2019\u00e9clat du teint. La lavande, l\u2019anis vert, la rose, le clou de [&hellip;]<\/p>\n","protected":false},"featured_media":1210982,"template":"","meta":{"_et_pb_use_builder":"","_et_pb_old_content":"","_et_gb_content_width":"","_monsterinsights_skip_tracking":false,"_monsterinsights_sitenote_active":false,"_monsterinsights_sitenote_note":"","_monsterinsights_sitenote_category":0},"product_brand":[],"product_cat":[19],"product_tag":[],"class_list":{"0":"post-762264","1":"product","2":"type-product","3":"status-publish","4":"has-post-thumbnail","6":"product_cat-cosmetiques-corps-et-visage-bio","8":"first","9":"instock","10":"shipping-taxable","11":"purchasable","12":"product-type-simple"},"yoast_head":"<!-- This site is optimized with the Yoast SEO plugin v27.4 - https:\/\/yoast.com\/product\/yoast-seo-wordpress\/ -->\n<title>Tisane \u00e9clat du teint - Floriane H<\/title>\n<meta name=\"robots\" content=\"index, follow, max-snippet:-1, max-image-preview:large, max-video-preview:-1\" \/>\n<link rel=\"canonical\" href=\"https:\/\/florianehaudebault.fr\/index.php\/product\/tisane-eclat-du-teint\/\" \/>\n<meta property=\"og:locale\" content=\"fr_FR\" \/>\n<meta property=\"og:type\" content=\"article\" \/>\n<meta property=\"og:title\" content=\"Tisane \u00e9clat du teint - Floriane H\" \/>\n<meta property=\"og:description\" content=\"Les vertus de l\u2019ortie piquante, de la reine des pr\u00e9s, de la pens\u00e9e sauvage se conjuguent pour un effet d\u00e9puratif de l\u2019organisme. Cette tisane bio \u00c9CLAT DU TEINT agit comme une v\u00e9ritable douche int\u00e9rieure pour \u00e9liminer un maximum de toxines afin de raviver l\u2019\u00e9clat du teint. La lavande, l\u2019anis vert, la rose, le clou de [&hellip;]\" \/>\n<meta property=\"og:url\" content=\"https:\/\/florianehaudebault.fr\/index.php\/product\/tisane-eclat-du-teint\/\" \/>\n<meta property=\"og:site_name\" content=\"Floriane H\" \/>\n<meta property=\"article:modified_time\" content=\"2021-04-27T13:09:10+00:00\" \/>\n<meta property=\"og:image\" content=\"https:\/\/florianehaudebault.fr\/wp-content\/uploads\/2021\/03\/tisane_eclat_du_teint-438x1024.png\" \/>\n\t<meta property=\"og:image:width\" content=\"438\" \/>\n\t<meta property=\"og:image:height\" content=\"1024\" \/>\n\t<meta property=\"og:image:type\" content=\"image\/png\" \/>\n<meta name=\"twitter:card\" content=\"summary_large_image\" \/>\n<script type=\"application\/ld+json\" class=\"yoast-schema-graph\">{\"@context\":\"https:\\\/\\\/schema.org\",\"@graph\":[{\"@type\":\"WebPage\",\"@id\":\"https:\\\/\\\/florianehaudebault.fr\\\/index.php\\\/product\\\/tisane-eclat-du-teint\\\/\",\"url\":\"https:\\\/\\\/florianehaudebault.fr\\\/index.php\\\/product\\\/tisane-eclat-du-teint\\\/\",\"name\":\"Tisane \u00e9clat du teint - Floriane H\",\"isPartOf\":{\"@id\":\"https:\\\/\\\/florianehaudebault.fr\\\/#website\"},\"primaryImageOfPage\":{\"@id\":\"https:\\\/\\\/florianehaudebault.fr\\\/index.php\\\/product\\\/tisane-eclat-du-teint\\\/#primaryimage\"},\"image\":{\"@id\":\"https:\\\/\\\/florianehaudebault.fr\\\/index.php\\\/product\\\/tisane-eclat-du-teint\\\/#primaryimage\"},\"thumbnailUrl\":\"https:\\\/\\\/florianehaudebault.fr\\\/wp-content\\\/uploads\\\/2021\\\/03\\\/tisane_eclat_du_teint.png\",\"datePublished\":\"2021-03-11T20:37:22+00:00\",\"dateModified\":\"2021-04-27T13:09:10+00:00\",\"breadcrumb\":{\"@id\":\"https:\\\/\\\/florianehaudebault.fr\\\/index.php\\\/product\\\/tisane-eclat-du-teint\\\/#breadcrumb\"},\"inLanguage\":\"fr-FR\",\"potentialAction\":[{\"@type\":\"ReadAction\",\"target\":[\"https:\\\/\\\/florianehaudebault.fr\\\/index.php\\\/product\\\/tisane-eclat-du-teint\\\/\"]}]},{\"@type\":\"ImageObject\",\"inLanguage\":\"fr-FR\",\"@id\":\"https:\\\/\\\/florianehaudebault.fr\\\/index.php\\\/product\\\/tisane-eclat-du-teint\\\/#primaryimage\",\"url\":\"https:\\\/\\\/florianehaudebault.fr\\\/wp-content\\\/uploads\\\/2021\\\/03\\\/tisane_eclat_du_teint.png\",\"contentUrl\":\"https:\\\/\\\/florianehaudebault.fr\\\/wp-content\\\/uploads\\\/2021\\\/03\\\/tisane_eclat_du_teint.png\",\"width\":966,\"height\":2256},{\"@type\":\"BreadcrumbList\",\"@id\":\"https:\\\/\\\/florianehaudebault.fr\\\/index.php\\\/product\\\/tisane-eclat-du-teint\\\/#breadcrumb\",\"itemListElement\":[{\"@type\":\"ListItem\",\"position\":1,\"name\":\"Accueil\",\"item\":\"https:\\\/\\\/florianehaudebault.fr\\\/\"},{\"@type\":\"ListItem\",\"position\":2,\"name\":\"Boutique\",\"item\":\"https:\\\/\\\/florianehaudebault.fr\\\/index.php\\\/boutique\\\/\"},{\"@type\":\"ListItem\",\"position\":3,\"name\":\"Tisane \u00e9clat du teint\"}]},{\"@type\":\"WebSite\",\"@id\":\"https:\\\/\\\/florianehaudebault.fr\\\/#website\",\"url\":\"https:\\\/\\\/florianehaudebault.fr\\\/\",\"name\":\"Floriane H\",\"description\":\"Institut de beaut\u00e9 et de bien-\u00eatre \u00e0 Vivy\",\"potentialAction\":[{\"@type\":\"SearchAction\",\"target\":{\"@type\":\"EntryPoint\",\"urlTemplate\":\"https:\\\/\\\/florianehaudebault.fr\\\/?s={search_term_string}\"},\"query-input\":{\"@type\":\"PropertyValueSpecification\",\"valueRequired\":true,\"valueName\":\"search_term_string\"}}],\"inLanguage\":\"fr-FR\"}]}<\/script>\n<!-- \/ Yoast SEO plugin. -->","yoast_head_json":{"title":"Tisane \u00e9clat du teint - Floriane H","robots":{"index":"index","follow":"follow","max-snippet":"max-snippet:-1","max-image-preview":"max-image-preview:large","max-video-preview":"max-video-preview:-1"},"canonical":"https:\/\/florianehaudebault.fr\/index.php\/product\/tisane-eclat-du-teint\/","og_locale":"fr_FR","og_type":"article","og_title":"Tisane \u00e9clat du teint - Floriane H","og_description":"Les vertus de l\u2019ortie piquante, de la reine des pr\u00e9s, de la pens\u00e9e sauvage se conjuguent pour un effet d\u00e9puratif de l\u2019organisme. Cette tisane bio \u00c9CLAT DU TEINT agit comme une v\u00e9ritable douche int\u00e9rieure pour \u00e9liminer un maximum de toxines afin de raviver l\u2019\u00e9clat du teint. La lavande, l\u2019anis vert, la rose, le clou de [&hellip;]","og_url":"https:\/\/florianehaudebault.fr\/index.php\/product\/tisane-eclat-du-teint\/","og_site_name":"Floriane H","article_modified_time":"2021-04-27T13:09:10+00:00","og_image":[{"width":438,"height":1024,"url":"https:\/\/florianehaudebault.fr\/wp-content\/uploads\/2021\/03\/tisane_eclat_du_teint-438x1024.png","type":"image\/png"}],"twitter_card":"summary_large_image","schema":{"@context":"https:\/\/schema.org","@graph":[{"@type":"WebPage","@id":"https:\/\/florianehaudebault.fr\/index.php\/product\/tisane-eclat-du-teint\/","url":"https:\/\/florianehaudebault.fr\/index.php\/product\/tisane-eclat-du-teint\/","name":"Tisane \u00e9clat du teint - Floriane H","isPartOf":{"@id":"https:\/\/florianehaudebault.fr\/#website"},"primaryImageOfPage":{"@id":"https:\/\/florianehaudebault.fr\/index.php\/product\/tisane-eclat-du-teint\/#primaryimage"},"image":{"@id":"https:\/\/florianehaudebault.fr\/index.php\/product\/tisane-eclat-du-teint\/#primaryimage"},"thumbnailUrl":"https:\/\/florianehaudebault.fr\/wp-content\/uploads\/2021\/03\/tisane_eclat_du_teint.png","datePublished":"2021-03-11T20:37:22+00:00","dateModified":"2021-04-27T13:09:10+00:00","breadcrumb":{"@id":"https:\/\/florianehaudebault.fr\/index.php\/product\/tisane-eclat-du-teint\/#breadcrumb"},"inLanguage":"fr-FR","potentialAction":[{"@type":"ReadAction","target":["https:\/\/florianehaudebault.fr\/index.php\/product\/tisane-eclat-du-teint\/"]}]},{"@type":"ImageObject","inLanguage":"fr-FR","@id":"https:\/\/florianehaudebault.fr\/index.php\/product\/tisane-eclat-du-teint\/#primaryimage","url":"https:\/\/florianehaudebault.fr\/wp-content\/uploads\/2021\/03\/tisane_eclat_du_teint.png","contentUrl":"https:\/\/florianehaudebault.fr\/wp-content\/uploads\/2021\/03\/tisane_eclat_du_teint.png","width":966,"height":2256},{"@type":"BreadcrumbList","@id":"https:\/\/florianehaudebault.fr\/index.php\/product\/tisane-eclat-du-teint\/#breadcrumb","itemListElement":[{"@type":"ListItem","position":1,"name":"Accueil","item":"https:\/\/florianehaudebault.fr\/"},{"@type":"ListItem","position":2,"name":"Boutique","item":"https:\/\/florianehaudebault.fr\/index.php\/boutique\/"},{"@type":"ListItem","position":3,"name":"Tisane \u00e9clat du teint"}]},{"@type":"WebSite","@id":"https:\/\/florianehaudebault.fr\/#website","url":"https:\/\/florianehaudebault.fr\/","name":"Floriane H","description":"Institut de beaut\u00e9 et de bien-\u00eatre \u00e0 Vivy","potentialAction":[{"@type":"SearchAction","target":{"@type":"EntryPoint","urlTemplate":"https:\/\/florianehaudebault.fr\/?s={search_term_string}"},"query-input":{"@type":"PropertyValueSpecification","valueRequired":true,"valueName":"search_term_string"}}],"inLanguage":"fr-FR"}]}},"_links":{"self":[{"href":"https:\/\/florianehaudebault.fr\/index.php\/wp-json\/wp\/v2\/product\/762264","targetHints":{"allow":["GET"]}}],"collection":[{"href":"https:\/\/florianehaudebault.fr\/index.php\/wp-json\/wp\/v2\/product"}],"about":[{"href":"https:\/\/florianehaudebault.fr\/index.php\/wp-json\/wp\/v2\/types\/product"}],"wp:featuredmedia":[{"embeddable":true,"href":"https:\/\/florianehaudebault.fr\/index.php\/wp-json\/wp\/v2\/media\/1210982"}],"wp:attachment":[{"href":"https:\/\/florianehaudebault.fr\/index.php\/wp-json\/wp\/v2\/media?parent=762264"}],"wp:term":[{"taxonomy":"product_brand","embeddable":true,"href":"https:\/\/florianehaudebault.fr\/index.php\/wp-json\/wp\/v2\/product_brand?post=762264"},{"taxonomy":"product_cat","embeddable":true,"href":"https:\/\/florianehaudebault.fr\/index.php\/wp-json\/wp\/v2\/product_cat?post=762264"},{"taxonomy":"product_tag","embeddable":true,"href":"https:\/\/florianehaudebault.fr\/index.php\/wp-json\/wp\/v2\/product_tag?post=762264"}],"curies":[{"name":"wp","href":"https:\/\/api.w.org\/{rel}","templated":true}]}}