{"id":1187686,"date":"2021-03-11T21:37:47","date_gmt":"2021-03-11T20:37:47","guid":{"rendered":"https:\/\/institut-florilege.fr\/index.php\/product\/serum-protection-vitale\/"},"modified":"2025-09-30T11:33:56","modified_gmt":"2025-09-30T09:33:56","slug":"serum-protection-vitale","status":"publish","type":"product","link":"https:\/\/florianehaudebault.fr\/index.php\/product\/serum-protection-vitale\/","title":{"rendered":"S\u00e9rum protection vitale"},"content":{"rendered":"<p>S\u00e9rum anti-oxydant globale, visage &amp; yeux \u00e0 la double action :<br \/>\nLe \u00ab bouclier \u00bb anti-pollution le JOUR : lutte contre le stress oxydatif du quotidien (pesticides, gaz d\u2019\u00e9chappements, tabac\u2026) et les effets<br \/>\nn\u00e9fastes de la lumi\u00e8re (lumi\u00e8re bleue g\u00e9n\u00e9r\u00e9e par les \u00e9crans, radicaux libres induits par les UV\u2026)<br \/>\nLe \u00ab booster \u00bb d\u00e9tox la NUIT : renforce les 3 grandes actions vitales de nos cellules : nutrition, respiration, communication<\/p>\n<p>AVANTAGES : Corrige les signes du vieillissement cutan\u00e9 : d\u00e9shydratation, teint terne et perte de fermet\u00e9<br \/>\nLE + PRODUIT<br \/>\nPr\u00e9vient les premiers signes de l\u2019\u00e2ge = s\u00e9rum premi\u00e8res rides d\u00e8s 30 ans (fumeuse, exposition au soleil importante\u2026), le matin et\/ou soir.<br \/>\nRenforce la routine beaut\u00e9 des peaux matures via une action protectrice anti-oxydante globale<br \/>\nUTILISATION<br \/>\nAgiter avant emploi, puis appliquer matin et\/ou soir, sur une peau propre et s\u00e8che quelques gouttes sur le visage, le cou et le contour des<br \/>\nyeux.<\/p>\n<p><strong>LE bouclier anti-oxydant de la peau<\/strong><\/p>\n<p>Lutte contre le stress oxydatif du quotidien<br \/>\nFreine le vieillissement pr\u00e9matur\u00e9 extrins\u00e8que<br \/>\nHomog\u00e9n\u00e9it\u00e9 du teint<br \/>\n\u00c9clat<\/p>\n","protected":false},"excerpt":{"rendered":"<p>S\u00e9rum anti-oxydant globale, visage &amp; yeux \u00e0 la double action : Le \u00ab bouclier \u00bb anti-pollution le JOUR : lutte contre le stress oxydatif du quotidien (pesticides, gaz d\u2019\u00e9chappements, tabac\u2026) et les effets n\u00e9fastes de la lumi\u00e8re (lumi\u00e8re bleue g\u00e9n\u00e9r\u00e9e par les \u00e9crans, radicaux libres induits par les UV\u2026) Le \u00ab booster \u00bb d\u00e9tox la [&hellip;]<\/p>\n","protected":false},"featured_media":1210890,"template":"","meta":{"_et_pb_use_builder":"","_et_pb_old_content":"","_et_gb_content_width":"","_monsterinsights_skip_tracking":false,"_monsterinsights_sitenote_active":false,"_monsterinsights_sitenote_note":"","_monsterinsights_sitenote_category":0},"product_brand":[],"product_cat":[19,61],"product_tag":[],"class_list":{"0":"post-1187686","1":"product","2":"type-product","3":"status-publish","4":"has-post-thumbnail","6":"product_cat-cosmetiques-corps-et-visage-bio","7":"product_cat-produits-visage","9":"first","10":"instock","11":"shipping-taxable","12":"purchasable","13":"product-type-simple"},"yoast_head":"<!-- This site is optimized with the Yoast SEO plugin v27.4 - https:\/\/yoast.com\/product\/yoast-seo-wordpress\/ -->\n<title>S\u00e9rum protection vitale - Floriane H<\/title>\n<meta name=\"robots\" content=\"index, follow, max-snippet:-1, max-image-preview:large, max-video-preview:-1\" \/>\n<link rel=\"canonical\" href=\"https:\/\/florianehaudebault.fr\/index.php\/product\/serum-protection-vitale\/\" \/>\n<meta property=\"og:locale\" content=\"fr_FR\" \/>\n<meta property=\"og:type\" content=\"article\" \/>\n<meta property=\"og:title\" content=\"S\u00e9rum protection vitale - Floriane H\" \/>\n<meta property=\"og:description\" content=\"S\u00e9rum anti-oxydant globale, visage &amp; yeux \u00e0 la double action : Le \u00ab bouclier \u00bb anti-pollution le JOUR : lutte contre le stress oxydatif du quotidien (pesticides, gaz d\u2019\u00e9chappements, tabac\u2026) et les effets n\u00e9fastes de la lumi\u00e8re (lumi\u00e8re bleue g\u00e9n\u00e9r\u00e9e par les \u00e9crans, radicaux libres induits par les UV\u2026) Le \u00ab booster \u00bb d\u00e9tox la [&hellip;]\" \/>\n<meta property=\"og:url\" content=\"https:\/\/florianehaudebault.fr\/index.php\/product\/serum-protection-vitale\/\" \/>\n<meta property=\"og:site_name\" content=\"Floriane H\" \/>\n<meta property=\"article:modified_time\" content=\"2025-09-30T09:33:56+00:00\" \/>\n<meta property=\"og:image\" content=\"https:\/\/florianehaudebault.fr\/wp-content\/uploads\/2021\/03\/serum-protection-vitale-active-30-ml-estime-et-sens.png\" \/>\n\t<meta property=\"og:image:width\" content=\"570\" \/>\n\t<meta property=\"og:image:height\" content=\"591\" \/>\n\t<meta property=\"og:image:type\" content=\"image\/png\" \/>\n<meta name=\"twitter:card\" content=\"summary_large_image\" \/>\n<meta name=\"twitter:label1\" content=\"Dur\u00e9e de lecture estim\u00e9e\" \/>\n\t<meta name=\"twitter:data1\" content=\"1 minute\" \/>\n<script type=\"application\/ld+json\" class=\"yoast-schema-graph\">{\"@context\":\"https:\\\/\\\/schema.org\",\"@graph\":[{\"@type\":\"WebPage\",\"@id\":\"https:\\\/\\\/florianehaudebault.fr\\\/index.php\\\/product\\\/serum-protection-vitale\\\/\",\"url\":\"https:\\\/\\\/florianehaudebault.fr\\\/index.php\\\/product\\\/serum-protection-vitale\\\/\",\"name\":\"S\u00e9rum protection vitale - Floriane H\",\"isPartOf\":{\"@id\":\"https:\\\/\\\/florianehaudebault.fr\\\/#website\"},\"primaryImageOfPage\":{\"@id\":\"https:\\\/\\\/florianehaudebault.fr\\\/index.php\\\/product\\\/serum-protection-vitale\\\/#primaryimage\"},\"image\":{\"@id\":\"https:\\\/\\\/florianehaudebault.fr\\\/index.php\\\/product\\\/serum-protection-vitale\\\/#primaryimage\"},\"thumbnailUrl\":\"https:\\\/\\\/florianehaudebault.fr\\\/wp-content\\\/uploads\\\/2021\\\/03\\\/serum-protection-vitale-active-30-ml-estime-et-sens.png\",\"datePublished\":\"2021-03-11T20:37:47+00:00\",\"dateModified\":\"2025-09-30T09:33:56+00:00\",\"breadcrumb\":{\"@id\":\"https:\\\/\\\/florianehaudebault.fr\\\/index.php\\\/product\\\/serum-protection-vitale\\\/#breadcrumb\"},\"inLanguage\":\"fr-FR\",\"potentialAction\":[{\"@type\":\"ReadAction\",\"target\":[\"https:\\\/\\\/florianehaudebault.fr\\\/index.php\\\/product\\\/serum-protection-vitale\\\/\"]}]},{\"@type\":\"ImageObject\",\"inLanguage\":\"fr-FR\",\"@id\":\"https:\\\/\\\/florianehaudebault.fr\\\/index.php\\\/product\\\/serum-protection-vitale\\\/#primaryimage\",\"url\":\"https:\\\/\\\/florianehaudebault.fr\\\/wp-content\\\/uploads\\\/2021\\\/03\\\/serum-protection-vitale-active-30-ml-estime-et-sens.png\",\"contentUrl\":\"https:\\\/\\\/florianehaudebault.fr\\\/wp-content\\\/uploads\\\/2021\\\/03\\\/serum-protection-vitale-active-30-ml-estime-et-sens.png\",\"width\":570,\"height\":591},{\"@type\":\"BreadcrumbList\",\"@id\":\"https:\\\/\\\/florianehaudebault.fr\\\/index.php\\\/product\\\/serum-protection-vitale\\\/#breadcrumb\",\"itemListElement\":[{\"@type\":\"ListItem\",\"position\":1,\"name\":\"Accueil\",\"item\":\"https:\\\/\\\/florianehaudebault.fr\\\/\"},{\"@type\":\"ListItem\",\"position\":2,\"name\":\"Boutique\",\"item\":\"https:\\\/\\\/florianehaudebault.fr\\\/index.php\\\/boutique\\\/\"},{\"@type\":\"ListItem\",\"position\":3,\"name\":\"S\u00e9rum protection vitale\"}]},{\"@type\":\"WebSite\",\"@id\":\"https:\\\/\\\/florianehaudebault.fr\\\/#website\",\"url\":\"https:\\\/\\\/florianehaudebault.fr\\\/\",\"name\":\"Floriane H\",\"description\":\"Institut de beaut\u00e9 et de bien-\u00eatre \u00e0 Vivy\",\"potentialAction\":[{\"@type\":\"SearchAction\",\"target\":{\"@type\":\"EntryPoint\",\"urlTemplate\":\"https:\\\/\\\/florianehaudebault.fr\\\/?s={search_term_string}\"},\"query-input\":{\"@type\":\"PropertyValueSpecification\",\"valueRequired\":true,\"valueName\":\"search_term_string\"}}],\"inLanguage\":\"fr-FR\"}]}<\/script>\n<!-- \/ Yoast SEO plugin. -->","yoast_head_json":{"title":"S\u00e9rum protection vitale - Floriane H","robots":{"index":"index","follow":"follow","max-snippet":"max-snippet:-1","max-image-preview":"max-image-preview:large","max-video-preview":"max-video-preview:-1"},"canonical":"https:\/\/florianehaudebault.fr\/index.php\/product\/serum-protection-vitale\/","og_locale":"fr_FR","og_type":"article","og_title":"S\u00e9rum protection vitale - Floriane H","og_description":"S\u00e9rum anti-oxydant globale, visage &amp; yeux \u00e0 la double action : Le \u00ab bouclier \u00bb anti-pollution le JOUR : lutte contre le stress oxydatif du quotidien (pesticides, gaz d\u2019\u00e9chappements, tabac\u2026) et les effets n\u00e9fastes de la lumi\u00e8re (lumi\u00e8re bleue g\u00e9n\u00e9r\u00e9e par les \u00e9crans, radicaux libres induits par les UV\u2026) Le \u00ab booster \u00bb d\u00e9tox la [&hellip;]","og_url":"https:\/\/florianehaudebault.fr\/index.php\/product\/serum-protection-vitale\/","og_site_name":"Floriane H","article_modified_time":"2025-09-30T09:33:56+00:00","og_image":[{"width":570,"height":591,"url":"https:\/\/florianehaudebault.fr\/wp-content\/uploads\/2021\/03\/serum-protection-vitale-active-30-ml-estime-et-sens.png","type":"image\/png"}],"twitter_card":"summary_large_image","twitter_misc":{"Dur\u00e9e de lecture estim\u00e9e":"1 minute"},"schema":{"@context":"https:\/\/schema.org","@graph":[{"@type":"WebPage","@id":"https:\/\/florianehaudebault.fr\/index.php\/product\/serum-protection-vitale\/","url":"https:\/\/florianehaudebault.fr\/index.php\/product\/serum-protection-vitale\/","name":"S\u00e9rum protection vitale - Floriane H","isPartOf":{"@id":"https:\/\/florianehaudebault.fr\/#website"},"primaryImageOfPage":{"@id":"https:\/\/florianehaudebault.fr\/index.php\/product\/serum-protection-vitale\/#primaryimage"},"image":{"@id":"https:\/\/florianehaudebault.fr\/index.php\/product\/serum-protection-vitale\/#primaryimage"},"thumbnailUrl":"https:\/\/florianehaudebault.fr\/wp-content\/uploads\/2021\/03\/serum-protection-vitale-active-30-ml-estime-et-sens.png","datePublished":"2021-03-11T20:37:47+00:00","dateModified":"2025-09-30T09:33:56+00:00","breadcrumb":{"@id":"https:\/\/florianehaudebault.fr\/index.php\/product\/serum-protection-vitale\/#breadcrumb"},"inLanguage":"fr-FR","potentialAction":[{"@type":"ReadAction","target":["https:\/\/florianehaudebault.fr\/index.php\/product\/serum-protection-vitale\/"]}]},{"@type":"ImageObject","inLanguage":"fr-FR","@id":"https:\/\/florianehaudebault.fr\/index.php\/product\/serum-protection-vitale\/#primaryimage","url":"https:\/\/florianehaudebault.fr\/wp-content\/uploads\/2021\/03\/serum-protection-vitale-active-30-ml-estime-et-sens.png","contentUrl":"https:\/\/florianehaudebault.fr\/wp-content\/uploads\/2021\/03\/serum-protection-vitale-active-30-ml-estime-et-sens.png","width":570,"height":591},{"@type":"BreadcrumbList","@id":"https:\/\/florianehaudebault.fr\/index.php\/product\/serum-protection-vitale\/#breadcrumb","itemListElement":[{"@type":"ListItem","position":1,"name":"Accueil","item":"https:\/\/florianehaudebault.fr\/"},{"@type":"ListItem","position":2,"name":"Boutique","item":"https:\/\/florianehaudebault.fr\/index.php\/boutique\/"},{"@type":"ListItem","position":3,"name":"S\u00e9rum protection vitale"}]},{"@type":"WebSite","@id":"https:\/\/florianehaudebault.fr\/#website","url":"https:\/\/florianehaudebault.fr\/","name":"Floriane H","description":"Institut de beaut\u00e9 et de bien-\u00eatre \u00e0 Vivy","potentialAction":[{"@type":"SearchAction","target":{"@type":"EntryPoint","urlTemplate":"https:\/\/florianehaudebault.fr\/?s={search_term_string}"},"query-input":{"@type":"PropertyValueSpecification","valueRequired":true,"valueName":"search_term_string"}}],"inLanguage":"fr-FR"}]}},"_links":{"self":[{"href":"https:\/\/florianehaudebault.fr\/index.php\/wp-json\/wp\/v2\/product\/1187686","targetHints":{"allow":["GET"]}}],"collection":[{"href":"https:\/\/florianehaudebault.fr\/index.php\/wp-json\/wp\/v2\/product"}],"about":[{"href":"https:\/\/florianehaudebault.fr\/index.php\/wp-json\/wp\/v2\/types\/product"}],"wp:featuredmedia":[{"embeddable":true,"href":"https:\/\/florianehaudebault.fr\/index.php\/wp-json\/wp\/v2\/media\/1210890"}],"wp:attachment":[{"href":"https:\/\/florianehaudebault.fr\/index.php\/wp-json\/wp\/v2\/media?parent=1187686"}],"wp:term":[{"taxonomy":"product_brand","embeddable":true,"href":"https:\/\/florianehaudebault.fr\/index.php\/wp-json\/wp\/v2\/product_brand?post=1187686"},{"taxonomy":"product_cat","embeddable":true,"href":"https:\/\/florianehaudebault.fr\/index.php\/wp-json\/wp\/v2\/product_cat?post=1187686"},{"taxonomy":"product_tag","embeddable":true,"href":"https:\/\/florianehaudebault.fr\/index.php\/wp-json\/wp\/v2\/product_tag?post=1187686"}],"curies":[{"name":"wp","href":"https:\/\/api.w.org\/{rel}","templated":true}]}}